{"id":125,"date":"2020-09-09T09:54:40","date_gmt":"2020-09-09T09:54:40","guid":{"rendered":"https:\/\/live-dortmund.de\/?page_id=125"},"modified":"2020-09-11T11:51:49","modified_gmt":"2020-09-11T11:51:49","slug":"infos","status":"publish","type":"page","link":"https:\/\/live-dortmund.de\/index.php\/infos\/","title":{"rendered":"Allgemein"},"content":{"rendered":"<h1 class=\"wp-block-heading\">Allgemein<\/h1><p>Unter dem Motto \u201eBACK TO LIVE\u201c wird es ab Herbst in der Warsteiner Music Hall verschiedene Konzerte geben, die in Zeiten von Corona dem \u201eechten Konzertgef\u00fchl\u201c recht nahekommen werden. Barhocker an Stehtischen werden f\u00fcr eine andere Atmosph\u00e4re sorgen, als die bisher bekannte Variante mit St\u00fchlen.<br>Die Anzahl der Pl\u00e4tze wird an die jeweilige Besucherzahl angepasst, sodass immer die optimale Raumproportion f\u00fcr G\u00e4ste und K\u00fcnstler gegeben ist.<br>Nur ein verst\u00e4ndnisvolles Miteinander wird daf\u00fcr sorgen k\u00f6nnen, dass Konzertliebhaber nicht weiter auf diese Form von Musik verzichten m\u00fcssen und diese Reihe sich erfolgreich etablieren kann.<br>Das Hygienekonzept, sowie alle anderen Ma\u00dfnahmen sind die Grundlage f\u00fcr eine Genehmigung solcher Veranstaltungen. In einigen Bereichen werden wir, im Interesse der Sicherheit der G\u00e4ste, die vorgegebenen Ma\u00dfnahmen auch ganz bewusst \u00fcbererf\u00fcllen.<br>Durch die neue und moderne L\u00fcftungsanlage wird die komplette Luft in der Halle alle 20 Minuten komplett ausgetauscht \u2013 die sonst f\u00fcr 3.600 G\u00e4ste ausgelegten sanit\u00e4ren Anlagen und Verkehrswege innerhalb der Halle, machen ein sicheres Hygienekonzept m\u00f6glich.<br>Auch wenn die Vorbehalte bei vielen m\u00f6glichen G\u00e4sten noch hoch sind, glauben wir fest daran mit unserer Location und unseren Ma\u00dfnahmen auch ein Zeichen setzen zu k\u00f6nnen f\u00fcr den \u201eNeustart\u201c unter den bekannten Bedingungen.<\/p><p>Frei nach dem Motto \u2013 \u201eirgendwann muss es ja wieder losgehen\u201c \u2013 haben wir uns entschieden, diesen schwierigen Weg jetzt zu beginnen.<\/p><p>Wir freuen uns auf Euch!<\/p>","protected":false},"excerpt":{"rendered":"<p>Allgemein Unter dem Motto \u201eBACK TO LIVE\u201c wird es ab Herbst in der Warsteiner Music Hall verschiedene Konzerte geben, die in Zeiten von Corona dem \u201eechten Konzertgef\u00fchl\u201c recht nahekommen werden. Barhocker an Stehtischen werden f\u00fcr eine andere Atmosph\u00e4re sorgen, als die bisher bekannte Variante mit <span class=\"read-more\"><a class=\"more-link btn btn-transparent\" href=\"https:\/\/live-dortmund.de\/index.php\/infos\/\">Read More &#8230;<\/a><\/span><\/p>\n","protected":false},"author":1,"featured_media":0,"parent":0,"menu_order":0,"comment_status":"closed","ping_status":"closed","template":"","meta":{"footnotes":""},"class_list":["post-125","page","type-page","status-publish","hentry"],"publishpress_future_action":{"enabled":false,"date":"2026-05-06 23:25:59","action":"change-status","newStatus":"draft","terms":[],"taxonomy":""},"_links":{"self":[{"href":"https:\/\/live-dortmund.de\/index.php\/wp-json\/wp\/v2\/pages\/125","targetHints":{"allow":["GET"]}}],"collection":[{"href":"https:\/\/live-dortmund.de\/index.php\/wp-json\/wp\/v2\/pages"}],"about":[{"href":"https:\/\/live-dortmund.de\/index.php\/wp-json\/wp\/v2\/types\/page"}],"author":[{"embeddable":true,"href":"https:\/\/live-dortmund.de\/index.php\/wp-json\/wp\/v2\/users\/1"}],"replies":[{"embeddable":true,"href":"https:\/\/live-dortmund.de\/index.php\/wp-json\/wp\/v2\/comments?post=125"}],"version-history":[{"count":2,"href":"https:\/\/live-dortmund.de\/index.php\/wp-json\/wp\/v2\/pages\/125\/revisions"}],"predecessor-version":[{"id":271,"href":"https:\/\/live-dortmund.de\/index.php\/wp-json\/wp\/v2\/pages\/125\/revisions\/271"}],"wp:attachment":[{"href":"https:\/\/live-dortmund.de\/index.php\/wp-json\/wp\/v2\/media?parent=125"}],"curies":[{"name":"wp","href":"https:\/\/api.w.org\/{rel}","templated":true}]}}